{"id":1077,"date":"2019-09-06T13:30:13","date_gmt":"2019-09-06T13:30:13","guid":{"rendered":"http:\/\/krain.de\/?page_id=1077"},"modified":"2019-09-06T13:30:13","modified_gmt":"2019-09-06T13:30:13","slug":"horror-anthos","status":"publish","type":"page","link":"http:\/\/krain.de\/?page_id=1077","title":{"rendered":"Horror Anthos"},"content":{"rendered":"<p>Die \u00dcberg\u00e4nge zwischen Horror und anderen Genres sind zuweilen flie\u00dfend. Als &#8222;Horror&#8220; definiere ich hier deshalb d\u00fcstere phantastische Literatur, die nicht in einem Fantasy- oder Science Fiction-Setting angesiedelt ist.<\/p>\n\t\t\t<style>\r\n                #foogallery-gallery-1076.fg-simple_portfolio {\r\n                    justify-content: center;\r\n                }\r\n                #foogallery-gallery-1076.fg-simple_portfolio .fg-item {\r\n                    flex-basis: 170px;\r\n                    margin: 40px;\r\n                }\r\n\t\t\t<\/style>\r\n\t\t\t<div class=\"foogallery foogallery-container foogallery-simple_portfolio foogallery-lightbox-none fg-simple_portfolio fg-light fg-border-thin fg-shadow-outline fg-loading-default fg-loaded-fade-in fg-caption-always fg-hover-fade fg-ready fg-caption-always\" id=\"foogallery-gallery-1076\" data-foogallery=\"{&quot;item&quot;:{&quot;showCaptionTitle&quot;:true,&quot;showCaptionDescription&quot;:true},&quot;lazy&quot;:true}\" >\r\n\t<div class=\"fg-item fg-idle fg-type-image\"><figure class=\"fg-item-inner\"><a href=\"http:\/\/krain.de\/?page_id=1049\" data-caption-title=\"Dark Poems\" data-caption-desc=\"Horror\" data-attachment-id=\"1050\" class=\"foogallery-thumb  fg-thumb\"><span class=\"fg-image-wrap\"><img title=\"Dark Poems\" class=\"bf-img skip-lazy fg-image\" height=\"250\" width=\"170\" data-src-fg=\"http:\/\/krain.de\/wp-content\/uploads\/cache\/2019\/09\/darkpoems\/1420042282.jpg\" src=\"data:image\/svg+xml,%3Csvg%20xmlns=%22http%3A%2F%2Fwww.w3.org%2F2000%2Fsvg%22%20viewBox=%220%200%20170%20250%22%3E%3C\/svg%3E\" \/><\/span><span class=\"fg-image-overlay\"><\/span><\/a><figcaption class=\"fg-caption\"><div class=\"fg-caption-inner\"><div class=\"fg-caption-title\">Dark Poems<\/div><div class=\"fg-caption-desc\">Horror<\/div><\/div><\/figcaption><\/figure><div class=\"fg-loader\"><\/div><\/div><div class=\"fg-item fg-idle fg-type-image\"><figure class=\"fg-item-inner\"><a href=\"http:\/\/krain.de\/?page_id=977\" data-caption-title=\"Die Knochenkirche\" data-caption-desc=\"Horror\" data-attachment-id=\"979\" class=\"foogallery-thumb  fg-thumb\"><span class=\"fg-image-wrap\"><img title=\"Die Knochenkirche\" class=\"bf-img skip-lazy fg-image\" height=\"250\" width=\"170\" data-src-fg=\"http:\/\/krain.de\/wp-content\/uploads\/cache\/2019\/09\/1-AL-10-FRONT\/2176961761.jpg\" src=\"data:image\/svg+xml,%3Csvg%20xmlns=%22http%3A%2F%2Fwww.w3.org%2F2000%2Fsvg%22%20viewBox=%220%200%20170%20250%22%3E%3C\/svg%3E\" \/><\/span><span class=\"fg-image-overlay\"><\/span><\/a><figcaption class=\"fg-caption\"><div class=\"fg-caption-inner\"><div class=\"fg-caption-title\">Die Knochenkirche<\/div><div class=\"fg-caption-desc\">Horror<\/div><\/div><\/figcaption><\/figure><div class=\"fg-loader\"><\/div><\/div><div class=\"fg-item fg-idle fg-type-image\"><figure class=\"fg-item-inner\"><a href=\"http:\/\/krain.de\/?page_id=982\" data-caption-title=\"D\u00fcstere Pfade\" data-caption-desc=\"Horror\" data-attachment-id=\"983\" class=\"foogallery-thumb  fg-thumb\"><span class=\"fg-image-wrap\"><img title=\"D\u00fcstere Pfade\" class=\"bf-img skip-lazy fg-image\" height=\"250\" width=\"170\" data-src-fg=\"http:\/\/krain.de\/wp-content\/uploads\/cache\/2019\/09\/adr7cover1000\/535563731.jpg\" src=\"data:image\/svg+xml,%3Csvg%20xmlns=%22http%3A%2F%2Fwww.w3.org%2F2000%2Fsvg%22%20viewBox=%220%200%20170%20250%22%3E%3C\/svg%3E\" \/><\/span><span class=\"fg-image-overlay\"><\/span><\/a><figcaption class=\"fg-caption\"><div class=\"fg-caption-inner\"><div class=\"fg-caption-title\">D\u00fcstere Pfade<\/div><div class=\"fg-caption-desc\">Horror<\/div><\/div><\/figcaption><\/figure><div class=\"fg-loader\"><\/div><\/div><div class=\"fg-item fg-idle fg-type-image\"><figure class=\"fg-item-inner\"><a href=\"http:\/\/krain.de\/?page_id=990\" data-caption-title=\"BLUTJUNG, der Vampir, der mich liebte\" data-caption-desc=\"Krimi\" data-attachment-id=\"991\" class=\"foogallery-thumb  fg-thumb\"><span class=\"fg-image-wrap\"><img title=\"BLUTJUNG, der Vampir, der mich liebte\" class=\"bf-img skip-lazy fg-image\" height=\"250\" width=\"170\" data-src-fg=\"http:\/\/krain.de\/wp-content\/uploads\/cache\/2019\/09\/Cover\/1796683120.jpg\" src=\"data:image\/svg+xml,%3Csvg%20xmlns=%22http%3A%2F%2Fwww.w3.org%2F2000%2Fsvg%22%20viewBox=%220%200%20170%20250%22%3E%3C\/svg%3E\" \/><\/span><span class=\"fg-image-overlay\"><\/span><\/a><figcaption class=\"fg-caption\"><div class=\"fg-caption-inner\"><div class=\"fg-caption-title\">BLUTJUNG, der Vampir, der mich liebte<\/div><div class=\"fg-caption-desc\">Krimi<\/div><\/div><\/figcaption><\/figure><div class=\"fg-loader\"><\/div><\/div><\/div>\n","protected":false},"excerpt":{"rendered":"<p>Die \u00dcberg\u00e4nge zwischen Horror und anderen Genres sind zuweilen flie\u00dfend. Als &#8222;Horror&#8220; definiere ich hier deshalb [&hellip;]<\/p>\n","protected":false},"author":1,"featured_media":0,"parent":0,"menu_order":0,"comment_status":"closed","ping_status":"closed","template":"","meta":[],"_links":{"self":[{"href":"http:\/\/krain.de\/index.php?rest_route=\/wp\/v2\/pages\/1077"}],"collection":[{"href":"http:\/\/krain.de\/index.php?rest_route=\/wp\/v2\/pages"}],"about":[{"href":"http:\/\/krain.de\/index.php?rest_route=\/wp\/v2\/types\/page"}],"author":[{"embeddable":true,"href":"http:\/\/krain.de\/index.php?rest_route=\/wp\/v2\/users\/1"}],"replies":[{"embeddable":true,"href":"http:\/\/krain.de\/index.php?rest_route=%2Fwp%2Fv2%2Fcomments&post=1077"}],"version-history":[{"count":1,"href":"http:\/\/krain.de\/index.php?rest_route=\/wp\/v2\/pages\/1077\/revisions"}],"predecessor-version":[{"id":1078,"href":"http:\/\/krain.de\/index.php?rest_route=\/wp\/v2\/pages\/1077\/revisions\/1078"}],"wp:attachment":[{"href":"http:\/\/krain.de\/index.php?rest_route=%2Fwp%2Fv2%2Fmedia&parent=1077"}],"curies":[{"name":"wp","href":"https:\/\/api.w.org\/{rel}","templated":true}]}}