{"id":1187,"date":"2019-09-09T13:05:26","date_gmt":"2019-09-09T13:05:26","guid":{"rendered":"http:\/\/krain.de\/?page_id=1187"},"modified":"2019-09-09T13:12:58","modified_gmt":"2019-09-09T13:12:58","slug":"interview-von-alisha-bionda","status":"publish","type":"page","link":"http:\/\/krain.de\/?page_id=1187","title":{"rendered":"Interview von Alisha Bionda"},"content":{"rendered":"<h5><strong>Alisha Bionda<\/strong><\/h5>\n<p><strong> Lieber Guido, es wird h\u00f6chste Zeit, mit Dir ein Interview zu f\u00fchren, denn Du scheinst in den letzten beiden Jahren nur aus Kreativit\u00e4t und Projektvielfalt zu bestehen. Doch zuerst einige pers\u00f6nliche Fragen an Dich, damit Dich die Leser besser kennenlernen: Was gibt es \u00fcber Dich als Mensch zu sagen?<\/strong><\/p>\n<h5>Guido Krain<\/h5>\n<p>Tja, wenn man die Person selbst danach fragt, fragt man ja bekanntlich den falschen. Was ich aber sicher sagen kann ist, dass ich ein gl\u00fccklicher Mensch bin. Ich konnte meine Passion zum Beruf machen und habe mich auch privat mit den richtigen Leuten zusammengetan. Dies gilt an besonderem Ma\u00dfe f\u00fcr meine Frau. :o)<\/p>\n<p>&nbsp;<\/p>\n<h5><strong>Alisha Bionda<\/strong><\/h5>\n<p><strong> Was zeichnet Dich in Deinen Augen aus?<\/strong><\/p>\n<h5>Guido Krain<\/h5>\n<p>Ich bin alles andere als ein konservativer Mensch. Trotzdem ist mir H\u00f6flichkeit, Fairness und Respekt wichtig.<br \/>\nUnd beruflich bin ich zumindest bem\u00fcht, immer etwas Neues zu schreiben und nicht die 200. Variante einer bekannten Geschichte zu erz\u00e4hlen.<\/p>\n<p>&nbsp;<\/p>\n<h5><strong>Alisha Bionda<\/strong><\/h5>\n<p><strong> Was magst Du, und was eher nicht?<\/strong><\/p>\n<h5>Guido Krain<\/h5>\n<p>Das ist ein weites Feld.<br \/>\nIch liebe Sprache. Gerade Deutsch ist \u2013 zumindest noch \u2013 eine sehr pr\u00e4zise Sprache, in der feinste Nuancen ausdr\u00fcckbar sind. Menschen, die beruflich mit Sprache zu tun haben, sie aber nicht beherrschen, sind mir hingegen ein Greul. Dabei rede ich nicht von Rechtschreibung \u2013 da wurden ja mittlerweile alle Klarheiten beseitigt. Sondern von Menschen, die Worte falsch anwenden.<br \/>\nHeute kennt zum Beispiel kaum jemand mehr den Unterschied zwischen \u201ereal\u201c und \u201ereell\u201c. Nervt\u00f6tend finde ich Leute, die sich selbst nicht mehr zuh\u00f6ren und deshalb immer die gleichen Stereotypen nachplappern. Zum Beispiel: \u201eFrau Schlotterbeck wurde brutal erschlagen.\u201c Ich scheitere daran mir vorzustellen, wie jemand z\u00e4rtlich erschlagen werden k\u00f6nnte. Erstaunlich ist auch, dass in der Presse immer \u00fcber ein \u201eTauziehen\u201c berichtet wird, sobald Politiker verschiedene Standpunkte vertreten. Es gibt auch keine Auftritte mehr, sondern nur noch \u201ePerformances\u201c. Ich wei\u00df nicht, ob es schlimmer ist, dass manche Schreiberlinge nicht mehr in der Lage sind, sich pr\u00e4zise auszudr\u00fccken, weil sie weder Grammatik noch Worte ausreichend beherrschen, oder ob die gr\u00f6\u00dfere Katastrophe darin liegt, dass es kaum noch jemand merkt.<br \/>\nVielleicht sehen das viele als kleinlich an, mir tun solche Sprachvergewaltigungen aber regelrecht weh. Ich kann es sehr genie\u00dfen, wenn sich jemand geschickt auszudr\u00fccken wei\u00df. Das gilt nicht nur f\u00fcr Deutsch und auch nicht nur f\u00fcr Kunst.<\/p>\n<p>&nbsp;<\/p>\n<h5><strong>Alisha Bionda<\/strong><\/h5>\n<p><strong>Welche Hobbies hast Du?<\/strong><\/p>\n<h5>Guido Krain<\/h5>\n<p>Hobby und Beruf gehen bei mir teilweise ineinander \u00fcber, weil sie zum Teil auseinander entstanden sind. Ich bin passionierter Pen &amp; Paper-Rollenspieler und kann mir nat\u00fcrlich auch hier das Weltenbauen nicht verkneifen. Ich fotografiere leidenschaftlich gern, was mir in meiner journalistischen Laufbahn nat\u00fcrlich sehr geholfen hat. Und ich liebe es auch, graphisch zu arbeiten. Sei es mit 3D-Programmen oder Photoshop. Vermutlich w\u00fcrde ich auch zeichnen, wenn meine Versuche in dieser Richtung nicht ganz so niederschmetternd gewesen w\u00e4ren ;o) Ab und zu mache ich auch gerne mal ein PC-Spiel.<\/p>\n<p>&nbsp;<\/p>\n<h5><strong>Alisha Bionda<\/strong><\/h5>\n<p><strong>Wolltest Du immer schon Schriftsteller werden oder war es eher eine Folge Deiner pers\u00f6nlichen Entwicklung?<\/strong><\/p>\n<h5>Guido Krain<\/h5>\n<p>In der Schule fand ich schreiben unsagbar langweilig und anstrengend. Das \u00e4nderte sich erst als ich gemerkt habe, wie gut man mit Sprache das eigene Kopfkino auf Papier festhalten kann. Ich w\u00e4re aber nie auf die Idee gekommen, Schreiben zum Beruf zu machen. Das ist einfach passiert.<\/p>\n<p>&nbsp;<\/p>\n<h5><strong>Alisha Bionda<\/strong><\/h5>\n<p><strong> Wann hast Du zu schreiben begonnen? Und womit?<\/strong><\/p>\n<h5>Guido Krain<\/h5>\n<p>Mit sieben Jahren habe ich meine ersten Kurzgeschichten, wenn man die so nennen kann, auf einer riesigen mechanischen Schreibmaschine geschrieben. Die waren nicht ganz ein DinA4-Blatt lang.<\/p>\n<p>&nbsp;<\/p>\n<h5><strong>Alisha Bionda<\/strong><\/h5>\n<p><strong>Hast Du eine fest strukturierte Methode, wie Du ein Projekt \u201eangehst\u201c?<\/strong><\/p>\n<h5>Guido Krain<\/h5>\n<p>Das kommt auf das Projekt an, aber es gibt nat\u00fcrlich ein paar feste Grundregeln. Da fast immer Abgabetermine einzuhalten sind, steht am Anfang immer die schn\u00f6de Zeitplanung. Dann muss das Projekt oder der Plot entwickelt werden, was die Zeitplanung nat\u00fcrlich ins Wanken bringen kann. Denn leider kann man \u2013 oder zumindest ich \u2013 Kreativit\u00e4t nicht zwingen. Wenn man Gl\u00fcck hat, wird der Plot dann bei Schreiben lebendig.<\/p>\n<p>&nbsp;<\/p>\n<h5><strong>Alisha Bionda<\/strong><\/h5>\n<p><strong> Schreibst Du gerne zu einer bestimmten Zeit? Lieber tags\u00fcber, lieber abends\/nachts? Wie sieht Dein Tagesablauf aus?<\/strong><\/p>\n<h5>Guido Krain<\/h5>\n<p>Ich bin ein Nachtmensch ohne geordneten Tagesablauf. Ich schreibe meistens bis morgens um f\u00fcnf und versuche, die Pflichten des Alltags m\u00f6glichst tags\u00fcber erledigt zu haben.<\/p>\n<p>&nbsp;<\/p>\n<h5><strong>Alisha Bionda<\/strong><\/h5>\n<p><strong> Bevorzugst Du eine bestimmte Atmosph\u00e4re oder ben\u00f6tigst Du besondere Ruhe wenn Du schreibst?<\/strong><\/p>\n<h5>Guido Krain<\/h5>\n<p>Erfreulicherweise bringt mein Schreibtisch diese Atmosph\u00e4re mit sich. Er ist ein riesiges, schwarzes, verrammeltes Monstrum von einem Schreibtisch, den ich vor einem Vierteljahrhundert im Ausverkauf eines M\u00f6belhauses erworben habe. Wenn dann Nachts nur meine Tastatur und dieses geliebte Monstrum im Schein des Monitors zu sehen ist, kommt der Rest von allein.<\/p>\n<p>&nbsp;<\/p>\n<h5><strong>Alisha Bionda<\/strong><\/h5>\n<p><strong>Schreibst Du an mehreren Projekten gleichzeitig oder trennst Du das strikt?<\/strong><\/p>\n<h5>Guido Krain<\/h5>\n<p>Mir bleibt nichts anderes \u00fcbrig, als h\u00e4ufig auf mehreren Hochzeiten gleichzeitig zu tanzen. Allerdings halte ich es f\u00fcr sehr unproduktiv, an mehreren belletristischen Projekten gleichzeitig zu schreiben. Ich arbeite also h\u00e4ufig tags\u00fcber an journalistischen oder PR-Projekten, um mich nachts wieder dem Geschichtenerz\u00e4hlen zuzuwenden.<\/p>\n<p>&nbsp;<\/p>\n<h5><strong>Alisha Bionda<\/strong><\/h5>\n<p><strong>Welchen Genres ordnest Du Dich zu? Und welches reizt Dich am meisten?<\/strong><\/p>\n<h5>Guido Krain<\/h5>\n<p>Ich glaube \u201ephantastische Literatur\u201c trifft es am besten, wobei meine Schwerpunkte bei Fantasy, SF, Steampunk und ein bisschen Horror liegen. Jedes dieser Genres hat seine eigenen Vorz\u00fcge f\u00fcr mich und es f\u00e4llt mir schwer, mich da auf eine klare Rangliste festzulegen. Hinzu kommt, dass es immer wieder auch Projekte anderer Genres gibt, die mich reizen. Zum Beispiel haben mir meine Sherlock Holmes Kurzgeschichten Appetit gemacht, vielleicht auch mal einen l\u00e4ngeren Krimi zu schreiben.<\/p>\n<p>&nbsp;<\/p>\n<h5><strong>Alisha Bionda<\/strong><\/h5>\n<p><strong>J\u00fcngst ist Dein Roman <a href=\"http:\/\/krain.de\/?page_id=792\">MASKEN DER SINNLICHKEIT<\/a> im Fabylon Verlag erschienen. Schildere uns doch bitte kurz, was den Leser darin erwartet.<\/strong><\/p>\n<h5>Guido Krain<\/h5>\n<p>In \u201eMasken der Sinnlichkeit\u201c erz\u00e4hle ich die Geschichte meiner vertr\u00e4umten Freundin Vanadis. Sie ist ein Bauernm\u00e4dchen, das 1766 als Zofe der M\u00e4tresse von Herzog Carl Eugen an den F\u00fcrstenhof kommt und hier mehr als ein blaues Wunder erlebt. Die Geschichte spielt vor einem realen Hintergrund. So sind die dekadenten Ideen des Herzogs in meinem Roman historisch verb\u00fcrgt. Auch wenn vieles kaum zu glauben ist: Diesen Mann hat es tats\u00e4chlich gegeben. Ein gro\u00dfer Teil des Romans spielt im Karneval von Venedig, der damals seine Bl\u00fctezeit erlebte; auch hier habe ich mich nat\u00fcrlich bem\u00fcht, eine kleine Zeitreise zu erm\u00f6glichen.<br \/>\n\u201eMasken der Sinnlichkeit\u201c ist aber kein historischer Roman und will das auch nicht sein. Ich erz\u00e4hle die Geschichte eines M\u00e4dchens, das einen manchmal schweren Weg geht, um seine Bestimmung zu finden. Im Zentrum steht das \u00dcbernat\u00fcrliche und eine st\u00e4ndig schwelende, manchmal bedrohliche Form von Erotik. Mystisch-erotisch w\u00e4re vielleicht der richtige Begriff. F\u00fcr mich stand nicht so sehr die Beschreibung des Aktes, sondern etwas Unterschwelligeres im Mittelpunkt. Etwas Kreat\u00fcrliches, das Frauen und M\u00e4nner miteinander verbindet. Ich hoffe, dass meine Leser daran genauso viel Gefallen finden wie ich.<br \/>\nUnd \u2013 nein, es geht nicht um Vampire.<br \/>\nWenn man nicht allzu viel Wert auf historische Nachpr\u00fcfbarkeit legt, findet der Leser sogar die Begr\u00fcndung f\u00fcr einige ungel\u00f6ste R\u00e4tsel der Geschichte. Zum Beispiel, warum Carl Eugen mitten in der \u00e4rgsten Krise so hastig nach Venedig aufbrach oder warum die venezianische Bev\u00f6lkerung \u00fcberhaupt auf die Idee mit den Masken kam. ;o)<\/p>\n<p>&nbsp;<\/p>\n<h5><strong>Alisha Bionda<\/strong><\/h5>\n<p><strong>Du verfasst ja auch Kurzgeschichten? Was reizt Dich daran?<\/strong><\/p>\n<h5>Guido Krain<\/h5>\n<p>Ich habe selbst immer gerne Kurzgeschichten gelesen und finde sie au\u00dferordentlich unterhaltsam. Und da man aus vielen guten Ideen leider keinen Roman machen kann, weil sie daf\u00fcr entweder zu wenig hergeben oder man zu wenig Zeit hat, sind Kurzgeschichten oft das Mittel der Wahl. Es f\u00e4llt mir nur oft schwer, mich an die L\u00e4ngenbegrenzungen zu halten.<\/p>\n<p>&nbsp;<\/p>\n<h5><strong>Alisha Bionda<\/strong><\/h5>\n<p><strong>Hast Du eine Kurzgeschichte, die Du selbst als Deine beste bezeichnen w\u00fcrdest?<\/strong><\/p>\n<h5>Guido Krain<\/h5>\n<p>Das ist schwer zu sagen. Ich sehe zuweilen Qualit\u00e4tsunterschiede zwischen meinen Geschichten. Welche ich aber am besten finde, schwankt je nach Tagesform. Am meisten Komplimente habe ich f\u00fcr \u201eIndigo\u201c aus \u201eSchattenversuchungen\u201c (ARS AMORIS, Fabylon) und \u201eDer Gesichtslose von Chiddingstone\u201c aus \u201eDer verwunschene Sch\u00e4del\u201c (Voodoo Press) bekommen.<\/p>\n<p>&nbsp;<\/p>\n<h5><strong>Alisha Bionda<\/strong><\/h5>\n<p><strong>Man kann Beitr\u00e4ge von Dir in einigen Anthologien finden. Was ist ausschlaggebend daf\u00fcr, an welchem Projekt Du Dich beteiligst? Herausgeber? Verlag? Thematik? <\/strong><\/p>\n<h5>Guido Krain<\/h5>\n<p>Das spielt alles eine Rolle. Wenn ich mit einer Thematik nichts anfangen kann, kann ich keine gute Qualit\u00e4t liefern und nehme solche Projekte deshalb gar nicht erst an. Nat\u00fcrlich spielen neben Herausgeber und Verlag auch meine Zeit immer eine Rolle.<\/p>\n<p>&nbsp;<\/p>\n<h5><strong>Alisha Bionda<\/strong><\/h5>\n<p><strong>Hast Du ein Vorbild?<\/strong><\/p>\n<h5>Guido Krain<\/h5>\n<p>Nein.<\/p>\n<p>&nbsp;<\/p>\n<h5><strong>Alisha Bionda<\/strong><\/h5>\n<p><strong>Schreibst Du lieber alleine oder mit Co-Autoren? <\/strong><\/p>\n<h5>Guido Krain<\/h5>\n<p>Ich stehe erst davor, meinen ersten Roman mit Co-Autoren zu schreiben. Ich freue mich sehr auf die Erfahrung, glaube aber, dass ich auf lange Sicht eher der Einzelschreiberling bleiben werde.<\/p>\n<p>&nbsp;<\/p>\n<h5><strong>Alisha Bionda<\/strong><\/h5>\n<p><strong>Du wirst ja mit den Episodenromanen \u201eErben der Luna\u201c (Fabylon) und \u201eEquinox\u201c (p.machinery) an zwei TriAdeM-Printprojekten beteiligt sein. Welche Vorteile siehst Du an solchen Gemeinschaftsprojekten?<\/strong><\/p>\n<h5>Guido Krain<\/h5>\n<p>Da gibt es gleich mehrere. Zum einen verstehen meine beiden Co-Autorinnen ihr Handwerk, haben aber beide einen vollkommen anderen Schreib- und Erz\u00e4hlstil. Damit wird es m\u00f6glich, Handlungsperspektiven und\/oder verschiedene Erz\u00e4hler viel deutlicher voneinander zu trennen. F\u00fcr das Produkt verspreche ich mir davon eine besondere Qualit\u00e4t. Zum anderen kann man bei solchen Co-Produktionen bestimmt den einen oder anderen handwerklichen Kniff lernen und sich so weiterentwickeln.<br \/>\nAuch wenn es vom Leser vermutlich nicht wahrgenommen wird denke ich, dass die Arbeit mit guten Co-Autoren f\u00fcr den Autor eine eigene Kunstform sein kann, die irgendwo zwischen Novelle und Roman liegt.<\/p>\n<p>&nbsp;<\/p>\n<h5><strong>Alisha Bionda<\/strong><\/h5>\n<p><strong>Liest Du regelm\u00e4\u00dfig? Wenn ja, was bevorzugt?<\/strong><\/p>\n<h5>Guido Krain<\/h5>\n<p>Ich lese sehr viel. Nachdem ich eine gewaltige Sammlung phantastischer Literatur aufgekauft habe, in der B\u00fccher von 1940 bis 1990 zusammengetragen worden waren, lese ich nat\u00fcrlich viele vergriffene Titel. Aber nat\u00fcrlich lese ich auch neue B\u00fccher. Meine Lieblingsautorin ist Elaine Cunningham, die man allerdings im Original lesen sollte. Sehr gerne lese ich auch Shadowrun-Romane.<\/p>\n<p>&nbsp;<\/p>\n<h5><strong>Alisha Bionda<\/strong><\/h5>\n<p><strong>Wie wichtig ist Dir der Kontakt zu Deinen Lesern?<\/strong><\/p>\n<h5>Guido Krain<\/h5>\n<p>Sehr wichtig. Es ist immer sehr motivierend wenn man merkt, dass die eigenen Geschichten auch fremde Menschen bewegen.<\/p>\n<p>&nbsp;<\/p>\n<h5><strong>Alisha Bionda<\/strong><\/h5>\n<p><strong>Wie gestaltet sich dieser?<\/strong><\/p>\n<h5>Guido Krain<\/h5>\n<p>Derzeit prim\u00e4r per Mail.<\/p>\n<p>&nbsp;<\/p>\n<h5><strong>Alisha Bionda<\/strong><\/h5>\n<p><strong>H\u00e4ltst Du auch Lesungen ab? Oder kann man Dich auf Cons antreffen? Wenn ja, auf welchen?<\/strong><\/p>\n<h5>Guido Krain<\/h5>\n<p>Da gibt es noch keine festen Termine. Ich hoffe aber, dass ich im n\u00e4chsten Jahr Zeit finde, um ein paar Lesungen durchzuf\u00fchren. Auch Cons sind sehr interessant. Sobald Termine feststehen, werden sie nat\u00fcrlich auf meiner Homepage www.guido.krain.de ver\u00f6ffentlicht.<\/p>\n<p>&nbsp;<\/p>\n<h5><strong>Alisha Bionda<\/strong><\/h5>\n<p><strong>Gibt es Menschen, die Dich bei Deinem schriftstellerischen Werdegang unterst\u00fctzt haben? Freunde, Familie, Kollegen? In Deinen Anf\u00e4ngen und jetzt?<\/strong><\/p>\n<h5>Guido Krain<\/h5>\n<p>Oh ja, schlie\u00dflich lebt ja niemand im luftleeren Raum. Meine Eltern haben mir immer alle Wege offen gehalten und ein Freund hat mich dazu gebracht, meinen ersten Roman zu schreiben. Und nat\u00fcrlich w\u00e4re mir die derzeitige Konzentration auf schriftstellerische Arbeiten nicht m\u00f6glich, wenn meine Partnerin nicht mitziehen w\u00fcrde. Ich bin ihr da sehr dankbar.<\/p>\n<p>&nbsp;<\/p>\n<h5><strong>Alisha Bionda<\/strong><\/h5>\n<p><strong>Welchen Rat w\u00fcrdest Du Newcomer-Autoren f\u00fcr die Verlagssuche geben?<\/strong><\/p>\n<h5>Guido Krain<\/h5>\n<p>Das habe ich lange aufgegeben, weil ich feststellen musste, dass meine Erfahrungen nicht denen von anderen Autoren entsprechen m\u00fcssen. Offensichtlich gibt es da keinen \u201egoldenen Weg\u201c.<\/p>\n<p>&nbsp;<\/p>\n<h5><strong>Alisha Bionda<\/strong><\/h5>\n<p><strong>Worin siehst Du die Vor- und Nachteile in der Klein- und Gro\u00dfverlagsszene?<\/strong><\/p>\n<h5>Guido Krain<\/h5>\n<p>Ich denke, dass die Kleinverlage eine unglaublich wichtige Rolle dabei spielen, den Reichtum und die Vielseitigkeit des Buchmarktes am Leben zu erhalten. Kleinverlage bedienen h\u00e4ufig Nischen und sind oft mehr aus Liebe zum Buch bei der Sache, was man an den Produkten immer wieder sieht.<br \/>\nGro\u00dfverlage bieten einigen wenigen Autoren hingegen die M\u00f6glichkeit, ohne M\u00fche von ihren Romanen zu leben. Leider handeln Gro\u00dfverlage h\u00e4ufig wie Konzerne: B\u00fccher sind nur ein Produkt, dessen Wert ausschlie\u00dflich durch dessen Umsatz bestimmt wird. Leider setzen Gro\u00dfverlage deshalb h\u00e4ufig auf Lizenzen aus dem Ausland, um das Risiko m\u00f6glichst zu minimieren.<br \/>\nTrotzdem w\u00fcnscht sich nat\u00fcrlich jeder Autor, m\u00f6glichst viele Titel bei Gro\u00dfverlagen unterzubringen, um viel gelesen zu werden und ein sorgenfreies Leben f\u00fchren zu k\u00f6nnen. Sollte ich einmal Bestsellerautor werden, w\u00e4re es mir aber wichtig, weiterhin ein paar Titel in Kleinverlagen zu ver\u00f6ffentlichen. Qualitativ m\u00fcssen sich Kleinverlage meiner Erfahrung nach nicht hinter Gro\u00dfverlagen verstecken.<\/p>\n<p>&nbsp;<\/p>\n<h5><strong>Alisha Bionda<\/strong><\/h5>\n<p><strong>Woran arbeitest Du derzeit? Auf was d\u00fcrfen sich die Leser k\u00fcnftig freuen?<\/strong><\/p>\n<h5>Guido Krain<\/h5>\n<p>Derzeit arbeite ich an dem Prolog zu meinem neuen Roman \u201eArgentum Noctis\u201c, der im kommenden Jahr erscheinen wird. Es geht um eine \u2013 wie ich meine &#8211; ungew\u00f6hnliche Steampunkgeschichte und ich bin mit Feuereifer bei der Sache.<br \/>\nDer Prolog wird eine l\u00e4ngere Novelle sein und im ersten Band der von Dir im Fabylon-Verlag herausgegebenen Steampunk-Reihe erscheinen. \u201eArgentum Noctis\u201c wird dann im Dezember 2012 als Band 3 der Reihe in die Regale kommen. Vielleicht passend zu Weihnachten, denn neben einigem Unbill und spannenden Momenten, die ich meinen nicht allt\u00e4glichen Protagonisten antue, gibt es bestimmt auch nachdenkliche Momente. Schlie\u00dflich geht es um das, was uns alle ausmacht.<\/p>\n<p>&nbsp;<\/p>\n<h5><strong>Alisha Bionda<\/strong><\/h5>\n<p><strong>Vielen Dank f\u00fcr das geduldige Beantworten meiner Fragen. In dem n\u00e4chsten Teil des Interviews m\u00f6chte ich Dich gerne zu Deinen Kurzgeschichtprojekten befragen.<\/strong><\/p>\n","protected":false},"excerpt":{"rendered":"<p>Alisha Bionda Lieber Guido, es wird h\u00f6chste Zeit, mit Dir ein Interview zu f\u00fchren, denn Du [&hellip;]<\/p>\n","protected":false},"author":1,"featured_media":0,"parent":0,"menu_order":0,"comment_status":"closed","ping_status":"closed","template":"","meta":[],"_links":{"self":[{"href":"http:\/\/krain.de\/index.php?rest_route=\/wp\/v2\/pages\/1187"}],"collection":[{"href":"http:\/\/krain.de\/index.php?rest_route=\/wp\/v2\/pages"}],"about":[{"href":"http:\/\/krain.de\/index.php?rest_route=\/wp\/v2\/types\/page"}],"author":[{"embeddable":true,"href":"http:\/\/krain.de\/index.php?rest_route=\/wp\/v2\/users\/1"}],"replies":[{"embeddable":true,"href":"http:\/\/krain.de\/index.php?rest_route=%2Fwp%2Fv2%2Fcomments&post=1187"}],"version-history":[{"count":4,"href":"http:\/\/krain.de\/index.php?rest_route=\/wp\/v2\/pages\/1187\/revisions"}],"predecessor-version":[{"id":1191,"href":"http:\/\/krain.de\/index.php?rest_route=\/wp\/v2\/pages\/1187\/revisions\/1191"}],"wp:attachment":[{"href":"http:\/\/krain.de\/index.php?rest_route=%2Fwp%2Fv2%2Fmedia&parent=1187"}],"curies":[{"name":"wp","href":"https:\/\/api.w.org\/{rel}","templated":true}]}}