{"id":977,"date":"2019-09-06T09:13:47","date_gmt":"2019-09-06T09:13:47","guid":{"rendered":"http:\/\/krain.de\/?page_id=977"},"modified":"2019-09-06T09:14:57","modified_gmt":"2019-09-06T09:14:57","slug":"die-knochenkirche","status":"publish","type":"page","link":"http:\/\/krain.de\/?page_id=977","title":{"rendered":"Die Knochenkirche"},"content":{"rendered":"<p><img loading=\"lazy\" class=\"alignleft wp-image-979\" src=\"http:\/\/krain.de\/wp-content\/uploads\/2019\/09\/1-AL-10-FRONT.jpg\" alt=\"\" width=\"305\" height=\"480\" srcset=\"http:\/\/krain.de\/wp-content\/uploads\/2019\/09\/1-AL-10-FRONT.jpg 656w, http:\/\/krain.de\/wp-content\/uploads\/2019\/09\/1-AL-10-FRONT-191x300.jpg 191w, http:\/\/krain.de\/wp-content\/uploads\/2019\/09\/1-AL-10-FRONT-652x1024.jpg 652w\" sizes=\"(max-width: 305px) 100vw, 305px\" \/>In Kutn\u00e1 Hora, einer Stadt in der heutigen Tschechischen Republik, steht ein Gebeinhaus, das buchst\u00e4blich aus Knochen errichtet wurde. Dieser Anthologie erz\u00e4hlt d\u00fcstere Geschichten rund um diesen au\u00dfergew\u00f6nlich gruseligen Ort.<\/p>\n<hr \/>\n<p>Anthologie &#8211; Horror<br \/>\nFabylon-Verlag<br \/>\n<a href=\"http:\/\/www.amazon.de\/gp\/product\/3927071862\/ref=as_li_tl?ie=UTF8&amp;camp=1638&amp;creative=6742&amp;creativeASIN=3927071862&amp;linkCode=as2&amp;tag=fantasybuchde&amp;linkId=Z27TXTHA5OWHDU37\" target=\"_blank\" rel=\"noopener noreferrer\"><strong>Paperback 14,90 \u20ac<\/strong><\/a><br \/>\nISBN 978-3-927071-86-5<br \/>\nCovergrafik: Florian Hilleberg\/Crossvalley Smith<br \/>\nCoverartwork: Atelier Bonzai<\/p>\n<h5>Klappentext<\/h5>\n<p>Wohin mit 40.000 Skeletten des Klosterfriedhofs Sedlec in Kutn\u00e1 Hora (Kuttenberg), die von Pestopfern oder Gefallenen in den Hussitenkriegen stammten?<\/p>\n<p>Im Jahr 1511 errichtete ein angeblich halbblinder M\u00f6nch, dessen Name nicht \u00fcberliefert ist, daraus sechs Pyramidenhaufen.<\/p>\n<p>Die F\u00fcrstenfamilie Schwarzenberg von Orlik fand, als sie 1866 das Klosterverm\u00f6gen samt Kapelle und die Gebeine kaufte, eine weitere Antwort, was damit machbar w\u00e4re.<\/p>\n<p>Sie beauftragte den angesehenen Holzschnitzer und Schreiner Franti\u0161ek Rint aus Skalice damit, ein morbides Kunstwerk aus Sch\u00e4deln und Gebeinen zu schaffen \u2013 die Knochenkirche.<\/p>\n<p>Inspiriert durch dieses weltweit einzigartige Bauwerk schrieben die Autoren Tobias Bachmann, Martin Barkawitz, Ladina Bordoli, Florian Hilleberg, Desir\u00e9e Hoese, Gabriele Ketterl, Guido Krain, Lothar Nietsch, S\u00f6ren Prescher und Vincent Voss mystische Geschichten rund um die Knochenkirche.<\/p>\n<hr \/>\n<h5><\/h5>\n<h5><strong>Mein Beitrag &#8222;Das Gef\u00e4ngnis&#8220;:<\/strong><\/h5>\n<p>Europa wurde im 14. Jahrhundert zur Beute des schwarzen Todes. In einer beispiellosen Welle des Schreckens wurden ganze Landstriche entv\u00f6lkert. Die Pestwellen sp\u00e4terer Jahrhunderte verliefen so viel weniger katastrophal, dass bis heute nicht sicher gekl\u00e4rt werden konnte, ob der schwarze Tod \u00fcberhaupt mit der Pest identisch ist.<br \/>\nBesonders hart traf es die Region um die Knochenkirche. Doch gerade hier hat die Bev\u00f6lkerung immer wieder lernen m\u00fcssen, dass Menschen und Seuchen zuweilen gro\u00dfe \u00c4hnlichkeit miteinander haben.Die gro\u00dfe Mehrzahl der Gebeine, die heute als Baumaterial der Knochenkirche herhalten, stammen von den Opfern der Pest und vieler Kriege, die in mehreren Wellen halb Europa entv\u00f6lkerten.<\/p>\n<p>Wenn Sie mehr wissen wollen und eine Freundin namens Matinka haben, fragen Sie sie. Ansonsten lesen Sie meine Geschichte. ;o)<\/p>\n<hr \/>\n<p>&nbsp;<\/p>\n<h5><strong>Pressestimmen:<\/strong><\/h5>\n<h6>Rezension von Jessi &#8211; &#8222;<a href=\"http:\/\/jessis-buecherregal.dennistusche.de\/index.php?action=8&amp;view=234&amp;rezi=show\" target=\"_blank\" rel=\"noopener noreferrer\">Jessi&#8217;s B\u00fccheregal<\/a>&#8222;.<\/h6>\n<p>Der Horrorblog &#8222;<a href=\"http:\/\/jessis-buecherregal.dennistusche.de\/index.php?action=8&amp;view=234&amp;rezi=show\" target=\"_blank\" rel=\"noopener noreferrer\">Jessi&#8217;s B\u00fccheregal<\/a>&#8220; hat eine Rezension zur Knochenkirche ver\u00f6ffentlicht, \u00fcber die ich mich pers\u00f6nlich sehr freue. Zitat:<\/p>\n<blockquote><p><strong><em>Ganz besonders hervorheben m\u00f6chte ich 2 Geschichten, die mich wirklich begeistert haben. \u201eDas Gef\u00e4ngnis\u201c von Guido Krain und \u201eRebekkas Licht\u201c von Ladina Bordoli.<\/em><\/strong><\/p><\/blockquote>\n<p>Und auch das Gesamtfazit ist grandios:<\/p>\n<blockquote><p><strong><em>\u201eDie Knochenkirche\u201c ist f\u00fcr mich eine Anthologie mit den facettenreichsten Kurzgeschichten, die ich in dieses Jahr gelesen habe. Eine Bereicherung f\u00fcr jedes B\u00fccherregal.<\/em><\/strong><\/p><\/blockquote>\n<hr \/>\n<h6><\/h6>\n<h6>Rezension von Elmar Huber- <a href=\"http:\/\/www.literra.info\/rezensionen\/rezension.php?id=7151\" target=\"_blank\" rel=\"noopener noreferrer\">LITERRA<\/a><\/h6>\n<address>&#8222;Eine stilvoll gestaltete Anthologie, die sich auf phantastische Art ganz um die makabre Knochenkirche von Kutn\u00e1 Hora dreht und dabei eine Spannbreite von Pulp-Action bis kunstvoll-romantisch bedient.&#8220;<\/address>\n<hr \/>\n<p>&nbsp;<\/p>\n","protected":false},"excerpt":{"rendered":"<p>In Kutn\u00e1 Hora, einer Stadt in der heutigen Tschechischen Republik, steht ein Gebeinhaus, das buchst\u00e4blich aus [&hellip;]<\/p>\n","protected":false},"author":1,"featured_media":0,"parent":0,"menu_order":0,"comment_status":"closed","ping_status":"closed","template":"","meta":[],"_links":{"self":[{"href":"http:\/\/krain.de\/index.php?rest_route=\/wp\/v2\/pages\/977"}],"collection":[{"href":"http:\/\/krain.de\/index.php?rest_route=\/wp\/v2\/pages"}],"about":[{"href":"http:\/\/krain.de\/index.php?rest_route=\/wp\/v2\/types\/page"}],"author":[{"embeddable":true,"href":"http:\/\/krain.de\/index.php?rest_route=\/wp\/v2\/users\/1"}],"replies":[{"embeddable":true,"href":"http:\/\/krain.de\/index.php?rest_route=%2Fwp%2Fv2%2Fcomments&post=977"}],"version-history":[{"count":2,"href":"http:\/\/krain.de\/index.php?rest_route=\/wp\/v2\/pages\/977\/revisions"}],"predecessor-version":[{"id":981,"href":"http:\/\/krain.de\/index.php?rest_route=\/wp\/v2\/pages\/977\/revisions\/981"}],"wp:attachment":[{"href":"http:\/\/krain.de\/index.php?rest_route=%2Fwp%2Fv2%2Fmedia&parent=977"}],"curies":[{"name":"wp","href":"https:\/\/api.w.org\/{rel}","templated":true}]}}